{"id":1187,"date":"2019-07-28T13:24:45","date_gmt":"2019-07-28T11:24:45","guid":{"rendered":"http:\/\/fabienne-weber.be\/?page_id=1187"},"modified":"2022-12-23T00:31:23","modified_gmt":"2022-12-22T23:31:23","slug":"temoignages-2","status":"publish","type":"page","link":"https:\/\/fabienne-weber.be\/index.php\/temoignages-2\/","title":{"rendered":"T\u00e9moignages"},"content":{"rendered":"<h3 style=\"text-align: center;\"><span style=\"color: #800000;\"><strong>LE LIVRE D&rsquo;OR\u00a0<\/strong><\/span><\/h3>\n<p>&nbsp;<\/p>\n<h2><img decoding=\"async\" loading=\"lazy\" class=\"size-medium wp-image-1010 alignnone aligncenter\" src=\"http:\/\/fabienne-weber.be\/wp-content\/uploads\/2019\/06\/IMG_2823-200x300.jpg\" alt=\"\" width=\"200\" height=\"300\" srcset=\"https:\/\/fabienne-weber.be\/wp-content\/uploads\/2019\/06\/IMG_2823-200x300.jpg 200w, https:\/\/fabienne-weber.be\/wp-content\/uploads\/2019\/06\/IMG_2823.jpg 683w\" sizes=\"(max-width: 200px) 100vw, 200px\" \/><\/h2>\n<p>&nbsp;<\/p>\n<p style=\"text-align: center;\"><em>Un grand merci pour vos retours d&rsquo;exp\u00e9rience !<\/em><\/p>\n<p>&nbsp;<\/p>\n<hr \/>\n<blockquote><p><span style=\"color: #800000;\"><strong>Soin du p\u00e9ricarde<\/strong><\/span><br \/>\n<em>Le soin du P\u00e9ricarde a \u00e9t\u00e9 pour moi un soin puissant, qui m&rsquo;a touch\u00e9e en profondeur m\u00eame si je n\u2019ai ressenti au moment du soin qu\u2019une grande d\u00e9tente. Il d\u00e9gage une prise de conscience et engendre un grand bien-\u00eatre. Ce soin permet de lib\u00e9rer ce qui est retenu depuis trop longtemps. C\u2019est magique!<\/em><\/p>\n<p><span style=\"color: #800000;\"><strong>Formation<\/strong><\/span><br \/>\n<em>J\u2019ai suivi avec beaucoup d\u2019int\u00e9r\u00eat la formation donn\u00e9e par Fabienne Weber. Celle-ci allie agr\u00e9ablement th\u00e9orie et pratique: les exercices suivent une progression \u00e9quilibr\u00e9e. Des temps de m\u00e9ditation viennent compl\u00e9ter cet apport riche tout au long des 6 journ\u00e9es. Le protocole bien illustr\u00e9 permet de commencer \u00e0 donner des soins en toute confiance, juste apr\u00e8s la formation.<\/em><\/p><\/blockquote>\n<p style=\"text-align: right;\"><span style=\"color: #800000;\"><strong>Anne<\/strong><\/span><\/p>\n<hr \/>\n<blockquote><p><strong><span style=\"color: #800000;\">Formation<\/span><\/strong><br \/>\n<em>\u00ab\u00a0J&rsquo;ai suivi la formation de Lib\u00e9ration du P\u00e9ricarde humain et \u00e9quin avec Fabienne et Claire Daliers et j&rsquo;ai d\u00e9couvert une m\u00e9thode magique, qui fait beaucoup de bien \u00e0 nos petits coeurs parfois bless\u00e9s. J&rsquo;ai rencontr\u00e9 de belles personnes et pass\u00e9 6 journ\u00e9es enrichissantes, accompagn\u00e9es des chevaux. Gratitude pour cet enseignement !\u00a0\u00bb<\/em><\/p><\/blockquote>\n<p style=\"text-align: right;\"><span style=\"color: #800000;\"><strong>M\u00e9gane<\/strong><\/span><\/p>\n<hr \/>\n<blockquote><p><span style=\"color: #800000;\"><strong>Soin sur un chien et son propri\u00e9taire.<\/strong><\/span><br \/>\n<em>Je te remercie beaucoup pour tes soins. Ils ont permis \u00e0 Taran d&rsquo;\u00eatre plus calme et plus serein. Le probl\u00e8me pour lequel tu lui as fait le soin n&rsquo;est pas r\u00e9apparu. Et une connexion encore plus forte s&rsquo;est \u00e9tablie entre nous. J&rsquo;ai pu me pr\u00e9parer \u00e0 son d\u00e9part en douceur et en confiance. Ca m&rsquo;a permis de vivre ce deuil, non comme une souffrance insurmontable mais comme une phase normale de la vie. Une \u00e9tape vers autre chose de plus grand. Et la connexion avec lui est toujours pr\u00e9sente et rassurante. Merci pour tes soins, ton \u00e9coute bienveillante et les pr\u00e9cieux conseils que tu nous as donn\u00e9s.<\/em><\/p><\/blockquote>\n<p style=\"text-align: right;\"><span style=\"color: #800000;\"><strong>Sarah et Taran<\/strong><\/span><\/p>\n<hr \/>\n<blockquote><p><strong><span style=\"color: #800000;\">Soin du p\u00e9ricarde<\/span><\/strong><\/p>\n<p><em>Je remercie Fabienne pour ses soins qui ont \u00e9t\u00e9 compl\u00e9mentaires \u00e0 la chimioth\u00e9rapie et<\/em><br \/>\n<em>m\u2019ont permis de prendre le chemin de la gu\u00e9rison du lymphome de Hodgkin, \u00e0 suivre\u2026<\/em><\/p><\/blockquote>\n<p style=\"text-align: right;\"><span style=\"color: #800000;\"><strong>J\u00e9r\u00f4me<\/strong><\/span><\/p>\n<hr \/>\n<blockquote><p><strong><span style=\"color: #800000;\">Soin du p\u00e9ricarde<\/span><\/strong><\/p>\n<p><em>\u00ab\u00a0Fabienne a une approche tr\u00e8s consciente de la lib\u00e9ration du p\u00e9ricarde. Le soin prodigu\u00e9 tient compte de la personne dans sa globalit\u00e9.<\/em><\/p>\n<p><em>Elle interroge le coeur et le corps en toute simplicit\u00e9, en tentant de remettre de l&rsquo;harmonie et surtout de lib\u00e9rer le corps des anciens sch\u00e9mas, traumas, etc.<\/em><\/p>\n<p><em>Les bienfaits physiques et psychiques sont lib\u00e9rateurs.\u00a0\u00bb<\/em><\/p><\/blockquote>\n<p style=\"text-align: right;\"><span style=\"color: #800000;\"><strong>Macha<\/strong><\/span><\/p>\n<hr \/>\n<blockquote><p><strong><span style=\"color: #800000;\">Atelier : introduction \u00e0 la lib\u00e9ration du p\u00e9ricarde<\/span><\/strong><br \/>\n<em>Lors de l&rsquo;atelier j&rsquo;ai pu \u00e9couter les messages transmis au travers de mes mains. Cela m&rsquo;a donn\u00e9 confiance en moi puisque c&rsquo;\u00e9tait confirm\u00e9 par mon bin\u00f4me. Merci Fabienne<\/em><\/p>\n<p><span style=\"color: #800000;\"><strong>Soin<\/strong><\/span><br \/>\n<em>j&rsquo;ai re\u00e7u un soin individuel de Fabienne. Fabienne a un grand sens de l&rsquo;\u00e9coute. C&rsquo;est plaisant d&rsquo;\u00eatre avec elle. Le soin a d\u00e9verrouill\u00e9 de vieux chagrins. Je me sens plus l\u00e9g\u00e8re. Le c\u0153ur en paix pour faire des choix pour moi.<\/em><\/p>\n<p><strong><span style=\"color: #800000;\">La formation<\/span><\/strong> <em>est un chemin initiatique, une voie de transformation.<\/em><br \/>\n<em>Organis\u00e9 en 2 x 3 jours cela permet d&rsquo;int\u00e9grer les prises de conscience.<\/em><br \/>\n<em>L&rsquo;ambiance \u00e9tait sereine, magique. Les personnes qui se sont retrouv\u00e9es l\u00e0 ont une m\u00eame vision de la Vie et de la voie du C\u0153ur<\/em><\/p><\/blockquote>\n<p style=\"text-align: right;\"><span style=\"color: #800000;\"><strong>Christelle<\/strong><\/span><\/p>\n<hr \/>\n<blockquote><p><strong><span style=\"color: #800000;\">Soin du p\u00e9ricarde<\/span><\/strong><\/p>\n<p><em>Le soin du p\u00e9ricarde est une porte d&rsquo;entr\u00e9e imm\u00e9diate et puissante \u00e0 la reconnexion \u00e0 soi, \u00e0 ses sensibilit\u00e9s humaines dans toutes ses dimensions. Il nous plonge dans notre reliance profonde au monde du Vivant et nous invite \u00e0 l&rsquo;authenticit\u00e9 de notre \u00catre. Il apporte Joie, S\u00e9r\u00e9nit\u00e9 et Ouverture. Une belle aventure !<\/em><\/p>\n<p style=\"text-align: right;\"><span style=\"color: #800000;\"><strong>Isabel<\/strong><\/span><\/p>\n<\/blockquote>\n<p style=\"text-align: right;\">\n","protected":false},"excerpt":{"rendered":"<p>LE LIVRE D&rsquo;OR\u00a0 &nbsp; &nbsp; Un grand merci pour vos retours d&rsquo;exp\u00e9rience ! &nbsp; Soin du p\u00e9ricarde Le soin du P\u00e9ricarde a \u00e9t\u00e9 pour moi un soin puissant, qui m&rsquo;a touch\u00e9e en profondeur m\u00eame si je n\u2019ai ressenti au moment &hellip; <a href=\"https:\/\/fabienne-weber.be\/index.php\/temoignages-2\/\">Lire la suite\u00ad\u00ad<\/a><\/p>\n","protected":false},"author":1,"featured_media":0,"parent":0,"menu_order":0,"comment_status":"closed","ping_status":"closed","template":"","meta":{"kt_blocks_editor_width":""},"_links":{"self":[{"href":"https:\/\/fabienne-weber.be\/index.php\/wp-json\/wp\/v2\/pages\/1187"}],"collection":[{"href":"https:\/\/fabienne-weber.be\/index.php\/wp-json\/wp\/v2\/pages"}],"about":[{"href":"https:\/\/fabienne-weber.be\/index.php\/wp-json\/wp\/v2\/types\/page"}],"author":[{"embeddable":true,"href":"https:\/\/fabienne-weber.be\/index.php\/wp-json\/wp\/v2\/users\/1"}],"replies":[{"embeddable":true,"href":"https:\/\/fabienne-weber.be\/index.php\/wp-json\/wp\/v2\/comments?post=1187"}],"version-history":[{"count":14,"href":"https:\/\/fabienne-weber.be\/index.php\/wp-json\/wp\/v2\/pages\/1187\/revisions"}],"predecessor-version":[{"id":1216,"href":"https:\/\/fabienne-weber.be\/index.php\/wp-json\/wp\/v2\/pages\/1187\/revisions\/1216"}],"wp:attachment":[{"href":"https:\/\/fabienne-weber.be\/index.php\/wp-json\/wp\/v2\/media?parent=1187"}],"curies":[{"name":"wp","href":"https:\/\/api.w.org\/{rel}","templated":true}]}}